{"id":11062,"date":"2017-09-19T11:06:51","date_gmt":"2017-09-19T11:06:51","guid":{"rendered":"http:\/\/gallinasyfocas.com\/distribuidores\/"},"modified":"2019-05-18T18:07:34","modified_gmt":"2019-05-18T18:07:34","slug":"distribuidors","status":"publish","type":"page","link":"https:\/\/gallinasyfocas.com\/ca\/distribuidors\/","title":{"rendered":"Distribu\u00efdors"},"content":{"rendered":"<div class=\"wpb-content-wrapper\"><div class=\"vc_row wpb_row vc_row-fluid eltdf-row-type-row\" style=\"\"><div class=\"wpb_column vc_column_container vc_col-sm-6\"><div class=\"vc_column-inner\"><div class=\"wpb_wrapper\">\n\t<div class=\"wpb_text_column wpb_content_element\" >\n\t\t<div class=\"wpb_wrapper\">\n\t\t\t<h4 style=\"text-align: center;\"><strong>NACIONALS<\/strong><\/h4>\n\n\t\t<\/div>\n\t<\/div>\n<div class=\"vc_separator wpb_content_element vc_separator_align_center vc_sep_width_100 vc_sep_pos_align_center vc_sep_color_grey vc_custom_1558202660464 wpb_content_element vc_separator-has-text\" ><span class=\"vc_sep_holder vc_sep_holder_l\"><span class=\"vc_sep_line\"><\/span><\/span><h4>Asturias<\/h4><span class=\"vc_sep_holder vc_sep_holder_r\"><span class=\"vc_sep_line\"><\/span><\/span>\n<\/div><div class=\"vc_row wpb_row vc_inner vc_row-fluid\"><div class=\"wpb_column vc_column_container vc_col-sm-12\"><div class=\"vc_column-inner\"><div class=\"wpb_wrapper\">\n\t<div class=\"wpb_text_column wpb_content_element\" >\n\t\t<div class=\"wpb_wrapper\">\n\t\t\t<p><strong>Coalla Gourmet<\/strong><br \/>\nC\/ Dindurra, 26. 33202. Gij\u00f3n<br \/>\nPrincipado de Asturias<br \/>\nTel.: (+34) 985 13 32 62<br \/>\n<a href=\"http:\/\/www.coallagourmet.com\" target=\"_blank\" rel=\"noopener\">www.coallagourmet.com<\/a><\/p>\n\n\t\t<\/div>\n\t<\/div>\n\n\t<div class=\"wpb_text_column wpb_content_element\" >\n\t\t<div class=\"wpb_wrapper\">\n\t\t\t<p><strong>Exclusivas M\u00e9ndez Le\u00f3n S.L<\/strong><br \/>\nPol. La Meana- Nave 5<br \/>\n33186 El Berr\u00f3n- Siero<br \/>\nTel: 985 262 942<br \/>\nE-mail: <a href=\"mailto:mendezleon@mendezleon.com\">mendezleon@mendezleon.com<\/a><\/p>\n\n\t\t<\/div>\n\t<\/div>\n\n\t<div class=\"wpb_text_column wpb_content_element\" >\n\t\t<div class=\"wpb_wrapper\">\n\t\t\t<p><strong>Tierra de uva S.L.<\/strong><br \/>\nAVD\/ Los quebrantos n\u00ba1 1\u00baH<br \/>\n33125 San Juan de la arena<\/p>\n\n\t\t<\/div>\n\t<\/div>\n<\/div><\/div><\/div><\/div><div class=\"vc_separator wpb_content_element vc_separator_align_center vc_sep_width_100 vc_sep_pos_align_center vc_sep_color_grey vc_custom_1558202669229 wpb_content_element vc_separator-has-text\" ><span class=\"vc_sep_holder vc_sep_holder_l\"><span class=\"vc_sep_line\"><\/span><\/span><h4>Barcelona\/Catalu\u00f1a<\/h4><span class=\"vc_sep_holder vc_sep_holder_r\"><span class=\"vc_sep_line\"><\/span><\/span>\n<\/div><div class=\"vc_row wpb_row vc_inner vc_row-fluid\"><div class=\"wpb_column vc_column_container vc_col-sm-12\"><div class=\"vc_column-inner\"><div class=\"wpb_wrapper\">\n\t<div class=\"wpb_text_column wpb_content_element\" >\n\t\t<div class=\"wpb_wrapper\">\n\t\t\t<p><strong>Vila Viniteca<\/strong><br \/>\nC\/ Agullers 7<br \/>\n08003 Barcelona<br \/>\nTel.902327777<br \/>\nFax: 93 7729227<\/p>\n\n\t\t<\/div>\n\t<\/div>\n<\/div><\/div><\/div><\/div><div class=\"vc_separator wpb_content_element vc_separator_align_center vc_sep_width_100 vc_sep_border_width_3 vc_sep_pos_align_center vc_sep_color_grey vc_custom_1556299998345 wpb_content_element vc_separator-has-text\" ><span class=\"vc_sep_holder vc_sep_holder_l\"><span class=\"vc_sep_line\"><\/span><\/span><h4>Bilbao<\/h4><span class=\"vc_sep_holder vc_sep_holder_r\"><span class=\"vc_sep_line\"><\/span><\/span>\n<\/div><div class=\"vc_row wpb_row vc_inner vc_row-fluid\"><div class=\"wpb_column vc_column_container vc_col-sm-12\"><div class=\"vc_column-inner\"><div class=\"wpb_wrapper\">\n\t<div class=\"wpb_text_column wpb_content_element\" >\n\t\t<div class=\"wpb_wrapper\">\n\t\t\t<p><strong>Vinoteca Lukas<\/strong><br \/>\nLukas Ardoteg\u00eda SL<br \/>\nHegoalde, 12<br \/>\n20800 ZARAUTZ<br \/>\nTel: 943 132 253<br \/>\n<a href=\"http:\/\/www.lukasgourmet.com\" target=\"_blank\" rel=\"noopener\">www.lukasgourmet.com<\/a><\/p>\n\n\t\t<\/div>\n\t<\/div>\n<\/div><\/div><\/div><\/div><div class=\"vc_separator wpb_content_element vc_separator_align_center vc_sep_width_100 vc_sep_pos_align_center vc_sep_color_grey vc_custom_1558202677121 wpb_content_element vc_separator-has-text\" ><span class=\"vc_sep_holder vc_sep_holder_l\"><span class=\"vc_sep_line\"><\/span><\/span><h4>Burgos<\/h4><span class=\"vc_sep_holder vc_sep_holder_r\"><span class=\"vc_sep_line\"><\/span><\/span>\n<\/div><div class=\"vc_row wpb_row vc_inner vc_row-fluid\"><div class=\"wpb_column vc_column_container vc_col-sm-12\"><div class=\"vc_column-inner\"><div class=\"wpb_wrapper\">\n\t<div class=\"wpb_text_column wpb_content_element\" >\n\t\t<div class=\"wpb_wrapper\">\n\t\t\t<p><strong>Alma Vinos Unicos Madrid S.L.<\/strong><br \/>\nC\/ Lopez Bravo 5-7<br \/>\nNaves CAM N\u00ba 26<br \/>\n09001 Burgos<br \/>\nTel: 947 298 119<br \/>\nFax: 947 298 370.<br \/>\n<a href=\"mailto:madrid@almavinosunicos.com\">madrid@almavinosunicos.com<\/a><\/p>\n\n\t\t<\/div>\n\t<\/div>\n<\/div><\/div><\/div><\/div><div class=\"vc_separator wpb_content_element vc_separator_align_center vc_sep_width_100 vc_sep_pos_align_center vc_sep_color_grey vc_custom_1558202715370 wpb_content_element vc_separator-has-text\" ><span class=\"vc_sep_holder vc_sep_holder_l\"><span class=\"vc_sep_line\"><\/span><\/span><h4>Canarias<\/h4><span class=\"vc_sep_holder vc_sep_holder_r\"><span class=\"vc_sep_line\"><\/span><\/span>\n<\/div><div class=\"vc_row wpb_row vc_inner vc_row-fluid\"><div class=\"wpb_column vc_column_container vc_col-sm-12\"><div class=\"vc_column-inner\"><div class=\"wpb_wrapper\">\n\t<div class=\"wpb_text_column wpb_content_element\" >\n\t\t<div class=\"wpb_wrapper\">\n\t\t\t<p><strong> M\u00c1S QUE VINOS CANARIAS, S. L.<\/strong><br \/>\nNombre Comercial: VIN\u00d3FILOS B35943455<br \/>\nC\/ Monterrey, n\u00ba 3 (Salto del Negro)<br \/>\n35016 LAS PALMAS DE GRAN CANARIA<br \/>\nTel.: 928352220<br \/>\n<a href=\"mailto:info@vinofilos.net\" target=\"_blank\" rel=\"noopener\">info@vinofilos.net<\/a><\/p>\n\n\t\t<\/div>\n\t<\/div>\n<\/div><\/div><\/div><\/div><div class=\"vc_separator wpb_content_element vc_separator_align_center vc_sep_width_100 vc_sep_pos_align_center vc_sep_color_grey vc_custom_1558202723335 wpb_content_element vc_separator-has-text\" ><span class=\"vc_sep_holder vc_sep_holder_l\"><span class=\"vc_sep_line\"><\/span><\/span><h4>Castell\u00f3n<\/h4><span class=\"vc_sep_holder vc_sep_holder_r\"><span class=\"vc_sep_line\"><\/span><\/span>\n<\/div><div class=\"vc_row wpb_row vc_inner vc_row-fluid\"><div class=\"wpb_column vc_column_container vc_col-sm-12\"><div class=\"vc_column-inner\"><div class=\"wpb_wrapper\">\n\t<div class=\"wpb_text_column wpb_content_element\" >\n\t\t<div class=\"wpb_wrapper\">\n\t\t\t<p><strong>EXCLUSIVAS CARJOR, S.L.<\/strong><br \/>\nB12750774<br \/>\nAVDA. DEL MAR, 59-2\u00ba B<br \/>\n12003 CASTELLON DE LA PLANA<br \/>\nTel: 658 75 44 33<\/p>\n\n\t\t<\/div>\n\t<\/div>\n<\/div><\/div><\/div><\/div><div class=\"vc_separator wpb_content_element vc_separator_align_center vc_sep_width_100 vc_sep_pos_align_center vc_sep_color_grey vc_custom_1558202731114 wpb_content_element vc_separator-has-text\" ><span class=\"vc_sep_holder vc_sep_holder_l\"><span class=\"vc_sep_line\"><\/span><\/span><h4>Ibiza<\/h4><span class=\"vc_sep_holder vc_sep_holder_r\"><span class=\"vc_sep_line\"><\/span><\/span>\n<\/div><div class=\"vc_row wpb_row vc_inner vc_row-fluid\"><div class=\"wpb_column vc_column_container vc_col-sm-12\"><div class=\"vc_column-inner\"><div class=\"wpb_wrapper\">\n\t<div class=\"wpb_text_column wpb_content_element\" >\n\t\t<div class=\"wpb_wrapper\">\n\t\t\t<p><strong>VILA VINS, LICORS I VINS<br \/>\n<\/strong>C\/Diputat Josep Ribas, 5<strong><br \/>\n<\/strong>07800 Ibiza (Islas Baleares)<br \/>\nTel: 672261888 &#8211;\u00a0971193615<br \/>\n<a href=\"http:\/\/www.vilavins.com\">www.vilavins.com<\/a><br \/>\n<a href=\"mailto:compras@vilavins.com\">compras@vilavins.com<\/a><\/p>\n\n\t\t<\/div>\n\t<\/div>\n<\/div><\/div><\/div><\/div><div class=\"vc_separator wpb_content_element vc_separator_align_center vc_sep_width_100 vc_sep_pos_align_center vc_sep_color_grey vc_custom_1558202738032 wpb_content_element vc_separator-has-text\" ><span class=\"vc_sep_holder vc_sep_holder_l\"><span class=\"vc_sep_line\"><\/span><\/span><h4>Mallorca<\/h4><span class=\"vc_sep_holder vc_sep_holder_r\"><span class=\"vc_sep_line\"><\/span><\/span>\n<\/div><div class=\"vc_row wpb_row vc_inner vc_row-fluid\"><div class=\"wpb_column vc_column_container vc_col-sm-12\"><div class=\"vc_column-inner\"><div class=\"wpb_wrapper\">\n\t<div class=\"wpb_text_column wpb_content_element\" >\n\t\t<div class=\"wpb_wrapper\">\n\t\t\t<p><strong>Vinoteca Balear S.L.<\/strong><br \/>\nC\/ Padre Bartolom\u00e9 Pou, 29<br \/>\n07003 Palma de Mallorca<br \/>\nTel: 971 761 932<\/p>\n\n\t\t<\/div>\n\t<\/div>\n\n\t<div class=\"wpb_text_column wpb_content_element\" >\n\t\t<div class=\"wpb_wrapper\">\n\t\t\t<p><strong>Cinc Caixes i Mitja<\/strong><br \/>\nC\/ San Miquel, 57<br \/>\n07200 Felanitx<br \/>\nTel:627417643 &#8211; 871986102<br \/>\n<a href=\"mailto:cinccaixesimitja@hotmail.com\">cinccaixesimitja@hotmail.com<\/a><\/p>\n\n\t\t<\/div>\n\t<\/div>\n\n\t<div class=\"wpb_text_column wpb_content_element\" >\n\t\t<div class=\"wpb_wrapper\">\n\t\t\t<p><strong>7Dvins<\/strong><br \/>\nC\/ Joan Carles I, 21 07360 Lloseta<br \/>\nC\/Uetam, 15 07006 Palma<br \/>\nTel:647870187 &#8211; 971598150<br \/>\nFax 871911609<br \/>\n<a href=\"mailto:info@7dvins.com\">info@7dvins.com<\/a><br \/>\n<a href=\"http:\/\/www.7dvins.com\">www.7dvins.com<\/a><\/p>\n\n\t\t<\/div>\n\t<\/div>\n<\/div><\/div><\/div><\/div><div class=\"vc_separator wpb_content_element vc_separator_align_center vc_sep_width_100 vc_sep_pos_align_center vc_sep_color_grey vc_custom_1558202747394 wpb_content_element vc_separator-has-text\" ><span class=\"vc_sep_holder vc_sep_holder_l\"><span class=\"vc_sep_line\"><\/span><\/span><h4>Menorca<\/h4><span class=\"vc_sep_holder vc_sep_holder_r\"><span class=\"vc_sep_line\"><\/span><\/span>\n<\/div><div class=\"vc_row wpb_row vc_inner vc_row-fluid\"><div class=\"wpb_column vc_column_container vc_col-sm-12\"><div class=\"vc_column-inner\"><div class=\"wpb_wrapper\">\n\t<div class=\"wpb_text_column wpb_content_element vc_custom_1556163969208\" >\n\t\t<div class=\"wpb_wrapper\">\n\t\t\t<p><strong>De Vins Menorca S.L<\/strong>.<br \/>\nCam\u00ed de Ses Vinyes, 118<br \/>\n07703 Mah\u00f3n<br \/>\n<a href=\"mailto:devins@devinsmenorca.com\">devins@devinsmenorca.com<\/a><\/p>\n\n\t\t<\/div>\n\t<\/div>\n<\/div><\/div><\/div><\/div><\/div><\/div><\/div><div class=\"wpb_column vc_column_container vc_col-sm-6\"><div class=\"vc_column-inner\"><div class=\"wpb_wrapper\">\n\t<div class=\"wpb_text_column wpb_content_element\" >\n\t\t<div class=\"wpb_wrapper\">\n\t\t\t<h4 style=\"text-align: center;\"><strong>INTERNACIONALS<\/strong><\/h4>\n\n\t\t<\/div>\n\t<\/div>\n<div class=\"vc_separator wpb_content_element vc_separator_align_center vc_sep_width_100 vc_sep_pos_align_center vc_sep_color_grey vc_custom_1558202821763 wpb_content_element vc_separator-has-text\" ><span class=\"vc_sep_holder vc_sep_holder_l\"><span class=\"vc_sep_line\"><\/span><\/span><h4>Alemania<\/h4><span class=\"vc_sep_holder vc_sep_holder_r\"><span class=\"vc_sep_line\"><\/span><\/span>\n<\/div><div class=\"vc_row wpb_row vc_inner vc_row-fluid\"><div class=\"wpb_column vc_column_container vc_col-sm-12\"><div class=\"vc_column-inner\"><div class=\"wpb_wrapper\">\n\t<div class=\"wpb_text_column wpb_content_element\" >\n\t\t<div class=\"wpb_wrapper\">\n\t\t\t<p><strong>Der Mallorquiner GmbH<\/strong><br \/>\nJohann-Philipp-Reis-Stra\u00dfe 11a<br \/>\n53332 Bornheim<br \/>\nTel: 02222-927 36 11<br \/>\nFax.: 02222-927 36 10<br \/>\n<a href=\"http:\/\/www.mallorquiner.com\">www.mallorquiner.com<\/a><br \/>\n<a href=\"mailto:info@mallorquiner.com\">info@mallorquiner.com<\/a><\/p>\n\n\t\t<\/div>\n\t<\/div>\n\n\t<div class=\"wpb_text_column wpb_content_element\" >\n\t\t<div class=\"wpb_wrapper\">\n\t\t\t<p><strong>Winebrations S.\u00e0.r.l.<\/strong><br \/>\nKerwech 20<br \/>\nL-5427 Greiveldange<br \/>\nWinebrations S.\u00e0 r.l. &#8211; Kevin Rohmer<br \/>\n<a href=\"mailto:info@winebrations.com\">info@winebrations.com<\/a><\/p>\n\n\t\t<\/div>\n\t<\/div>\n\n\t<div class=\"wpb_text_column wpb_content_element\" >\n\t\t<div class=\"wpb_wrapper\">\n\t\t\t<p><strong>VINIBERICA \/ Varela &amp; Walter GbR<\/strong><br \/>\nGesch\u00e4ftsf\u00fchrer: Daniel Varela Stander &amp; J\u00f6rg Walter<br \/>\nFerdinand &#8211; Porsche &#8211; Strasse 9 \/ 76275 Ettlingen<br \/>\nTel:+49 (0)179 12 65 820 &#8211; +49 (0)7243 324 989<br \/>\nFax: +49 (0)7243 324 991<br \/>\n<a href=\"http:\/\/www.viniberica.com\">www.viniberica.com<\/a><br \/>\n<a href=\"mailto:dvarela@viniberica.com\">dvarela@viniberica.com<\/a><\/p>\n\n\t\t<\/div>\n\t<\/div>\n\n\t<div class=\"wpb_text_column wpb_content_element\" >\n\t\t<div class=\"wpb_wrapper\">\n\t\t\t<p><strong>Cielo del Vino Weinhandels GmbH<\/strong><br \/>\nLise-Meitner-Strasse 5<br \/>\nD-82024 Taufkirchen<br \/>\nTel: +49-(0)89-45108490<br \/>\nFax: +49-(0)89-4510849-14<br \/>\n<a href=\"http:\/\/www.cielo-del-vino.de\">www.cielo-del-vino.de<\/a><\/p>\n\n\t\t<\/div>\n\t<\/div>\n<\/div><\/div><\/div><\/div><div class=\"vc_separator wpb_content_element vc_separator_align_center vc_sep_width_100 vc_sep_pos_align_center vc_sep_color_grey vc_custom_1558202813781 wpb_content_element vc_separator-has-text\" ><span class=\"vc_sep_holder vc_sep_holder_l\"><span class=\"vc_sep_line\"><\/span><\/span><h4>Austria<\/h4><span class=\"vc_sep_holder vc_sep_holder_r\"><span class=\"vc_sep_line\"><\/span><\/span>\n<\/div><div class=\"vc_row wpb_row vc_inner vc_row-fluid\"><div class=\"wpb_column vc_column_container vc_col-sm-12\"><div class=\"vc_column-inner\"><div class=\"wpb_wrapper\">\n\t<div class=\"wpb_text_column wpb_content_element\" >\n\t\t<div class=\"wpb_wrapper\">\n\t\t\t<p><strong>Rudolf Wagner KG<\/strong><br \/>\nGetr\u00e4nkegro\u00dfhandel<br \/>\nWeinstrasse 31<br \/>\nA-4664 Oberweis-Laakirchen<br \/>\nTel:+43 664 3303177 &#8211; +43 7613 440 120<br \/>\nFax: +43 7613 440 9120<br \/>\n<a href=\"mailto:erich.wagner@wagnerweb.at\">erich.wagner@wagnerweb.at<\/a><br \/>\n<a href=\"http:\/\/www.wagners-weinshop.com\">www.wagners-weinshop.com<\/a> &#8211; <a href=\"http:\/\/www.wagnerweb.at\">www.wagnerweb.at<\/a><\/p>\n\n\t\t<\/div>\n\t<\/div>\n<\/div><\/div><\/div><\/div><div class=\"vc_separator wpb_content_element vc_separator_align_center vc_sep_width_100 vc_sep_pos_align_center vc_sep_color_grey vc_custom_1558202799689 wpb_content_element vc_separator-has-text\" ><span class=\"vc_sep_holder vc_sep_holder_l\"><span class=\"vc_sep_line\"><\/span><\/span><h4>Dinamarca<\/h4><span class=\"vc_sep_holder vc_sep_holder_r\"><span class=\"vc_sep_line\"><\/span><\/span>\n<\/div><div class=\"vc_row wpb_row vc_inner vc_row-fluid\"><div class=\"wpb_column vc_column_container vc_col-sm-12\"><div class=\"vc_column-inner\"><div class=\"wpb_wrapper\">\n\t<div class=\"wpb_text_column wpb_content_element\" >\n\t\t<div class=\"wpb_wrapper\">\n\t\t\t<p><strong>Laudrup Vin &amp; Gastronomi<\/strong><br \/>\nMileparken 13<br \/>\nDK-2740 Skovlunde<br \/>\nTel:2425 0484 &#8211; 4484 8086 &#8211;\u00a04485 5202<br \/>\n<a href=\"http:\/\/www.laudrup.dk\">www.laudrup.dk<\/a><\/p>\n\n\t\t<\/div>\n\t<\/div>\n<\/div><\/div><\/div><\/div><div class=\"vc_separator wpb_content_element vc_separator_align_center vc_sep_width_100 vc_sep_pos_align_center vc_sep_color_grey vc_custom_1558202791561 wpb_content_element vc_separator-has-text\" ><span class=\"vc_sep_holder vc_sep_holder_l\"><span class=\"vc_sep_line\"><\/span><\/span><h4>Estados Unidos<\/h4><span class=\"vc_sep_holder vc_sep_holder_r\"><span class=\"vc_sep_line\"><\/span><\/span>\n<\/div><div class=\"vc_row wpb_row vc_inner vc_row-fluid\"><div class=\"wpb_column vc_column_container vc_col-sm-12\"><div class=\"vc_column-inner\"><div class=\"wpb_wrapper\">\n\t<div class=\"wpb_text_column wpb_content_element\" >\n\t\t<div class=\"wpb_wrapper\">\n\t\t\t<p><strong>T. Edward Wines<\/strong><br \/>\n66 West Broadway 4th floor<br \/>\nNew York, NY 10007<br \/>\nPh 212.233.1504<br \/>\nTel:\u00a0 (212) 796-8004<br \/>\nFax (646) 349-5073<br \/>\n<a href=\"mailto:pwalton@tedwardwines.com\">pwalton@tedwardwines.com<\/a><br \/>\n<a href=\"http:\/\/blog.tedwardwines.com\">blog.tedwardwines.com<\/a> &#8211; <a href=\"http:\/\/www.tedwardwines.com\">www.tedwardwines.com<\/a><\/p>\n\n\t\t<\/div>\n\t<\/div>\n<\/div><\/div><\/div><\/div><div class=\"vc_separator wpb_content_element vc_separator_align_center vc_sep_width_100 vc_sep_pos_align_center vc_sep_color_grey vc_custom_1558202783832 wpb_content_element vc_separator-has-text\" ><span class=\"vc_sep_holder vc_sep_holder_l\"><span class=\"vc_sep_line\"><\/span><\/span><h4>Irlanda<\/h4><span class=\"vc_sep_holder vc_sep_holder_r\"><span class=\"vc_sep_line\"><\/span><\/span>\n<\/div><div class=\"vc_row wpb_row vc_inner vc_row-fluid\"><div class=\"wpb_column vc_column_container vc_col-sm-12\"><div class=\"vc_column-inner\"><div class=\"wpb_wrapper\">\n\t<div class=\"wpb_text_column wpb_content_element\" >\n\t\t<div class=\"wpb_wrapper\">\n\t\t\t<p><strong>Vinostito<\/strong><br \/>\nBlock 25, Unit 4B<br \/>\nPark West | Dublin 12 |<br \/>\nTel: 0870562390<br \/>\n<a href=\"http:\/\/www.vinostito.com\">www.vinostito.com<\/a><\/p>\n\n\t\t<\/div>\n\t<\/div>\n<\/div><\/div><\/div><\/div><div class=\"vc_separator wpb_content_element vc_separator_align_center vc_sep_width_100 vc_sep_pos_align_center vc_sep_color_grey vc_custom_1558202774557 wpb_content_element vc_separator-has-text\" ><span class=\"vc_sep_holder vc_sep_holder_l\"><span class=\"vc_sep_line\"><\/span><\/span><h4>Reino Unido<\/h4><span class=\"vc_sep_holder vc_sep_holder_r\"><span class=\"vc_sep_line\"><\/span><\/span>\n<\/div><div class=\"vc_row wpb_row vc_inner vc_row-fluid\"><div class=\"wpb_column vc_column_container vc_col-sm-12\"><div class=\"vc_column-inner\"><div class=\"wpb_wrapper\">\n\t<div class=\"wpb_text_column wpb_content_element\" >\n\t\t<div class=\"wpb_wrapper\">\n\t\t\t<p><strong>Indigo Wine Ltd<\/strong><br \/>\n7 Beverstone Road,<br \/>\nLondon SW2 5AL- UK<br \/>\nTel\/Fax: +44 0207 733 8391<br \/>\n<a href=\"http:\/\/www.indigowine.com\">www.indigowine.com<\/a><\/p>\n\n\t\t<\/div>\n\t<\/div>\n<\/div><\/div><\/div><\/div><div class=\"vc_separator wpb_content_element vc_separator_align_center vc_sep_width_100 vc_sep_pos_align_center vc_sep_color_grey vc_custom_1558202763993 wpb_content_element vc_separator-has-text\" ><span class=\"vc_sep_holder vc_sep_holder_l\"><span class=\"vc_sep_line\"><\/span><\/span><h4>Suiza<\/h4><span class=\"vc_sep_holder vc_sep_holder_r\"><span class=\"vc_sep_line\"><\/span><\/span>\n<\/div><div class=\"vc_row wpb_row vc_inner vc_row-fluid\"><div class=\"wpb_column vc_column_container vc_col-sm-12\"><div class=\"vc_column-inner\"><div class=\"wpb_wrapper\">\n\t<div class=\"wpb_text_column wpb_content_element\" >\n\t\t<div class=\"wpb_wrapper\">\n\t\t\t<p><strong>Casa del vino<\/strong><br \/>\nSihlfeldstrasse 130, Postfach<br \/>\n8004 Z\u00fcrich<\/p>\n\n\t\t<\/div>\n\t<\/div>\n<\/div><\/div><\/div><\/div><div class=\"vc_separator wpb_content_element vc_separator_align_center vc_sep_width_100 vc_sep_pos_align_center vc_sep_color_grey vc_custom_1558202756670 wpb_content_element vc_separator-has-text\" ><span class=\"vc_sep_holder vc_sep_holder_l\"><span class=\"vc_sep_line\"><\/span><\/span><h4>Tailandia<\/h4><span class=\"vc_sep_holder vc_sep_holder_r\"><span class=\"vc_sep_line\"><\/span><\/span>\n<\/div><div class=\"vc_row wpb_row vc_inner vc_row-fluid\"><div class=\"wpb_column vc_column_container vc_col-sm-12\"><div class=\"vc_column-inner vc_custom_1556164765891\"><div class=\"wpb_wrapper\">\n\t<div class=\"wpb_text_column wpb_content_element\" >\n\t\t<div class=\"wpb_wrapper\">\n\t\t\t<p><strong>ICONIC WINES SINGAPORE PTE.LTD<\/strong><br \/>\nGST\u00b7: 201103289E<br \/>\n100D Pasir Panjaang Road #05-07<br \/>\nThe Meissa<br \/>\n118520 &#8211; SINGAPORE<\/p>\n\n\t\t<\/div>\n\t<\/div>\n<\/div><\/div><\/div><\/div><\/div><\/div><\/div><\/div>\n<\/div>","protected":false},"excerpt":{"rendered":"NACIONALS Asturias Coalla Gourmet C\/ Dindurra, 26. 33202. Gij\u00f3n Principado de Asturias Tel.: (+34) 985 13 32 62 www.coallagourmet.com Exclusivas M\u00e9ndez Le\u00f3n S.L Pol. La Meana- Nave 5 33186 El Berr\u00f3n- Siero Tel: 985 262 942 E-mail: mendezleon@mendezleon.com Tierra de uva S.L. AVD\/ Los quebrantos [...]","protected":false},"author":2,"featured_media":0,"parent":0,"menu_order":0,"comment_status":"closed","ping_status":"closed","template":"","meta":{"footnotes":""},"class_list":["post-11062","page","type-page","status-publish","hentry"],"yoast_head":"<!-- This site is optimized with the Yoast SEO plugin v27.4 - https:\/\/yoast.com\/product\/yoast-seo-wordpress\/ -->\n<title>Distribu\u00efdors - Gallinas &amp; Focas<\/title>\n<meta name=\"robots\" content=\"index, follow, max-snippet:-1, max-image-preview:large, max-video-preview:-1\" \/>\n<link rel=\"canonical\" href=\"https:\/\/gallinasyfocas.com\/ca\/distribuidors\/\" \/>\n<meta property=\"og:locale\" content=\"ca_ES\" \/>\n<meta property=\"og:type\" content=\"article\" \/>\n<meta property=\"og:title\" content=\"Distribu\u00efdors - Gallinas &amp; Focas\" \/>\n<meta property=\"og:url\" content=\"https:\/\/gallinasyfocas.com\/ca\/distribuidors\/\" \/>\n<meta property=\"og:site_name\" content=\"Gallinas &amp; Focas\" \/>\n<meta property=\"article:modified_time\" content=\"2019-05-18T18:07:34+00:00\" \/>\n<meta name=\"twitter:card\" content=\"summary_large_image\" \/>\n<meta name=\"twitter:label1\" content=\"Temps estimat de lectura\" \/>\n\t<meta name=\"twitter:data1\" content=\"5 minuts\" \/>\n<script type=\"application\/ld+json\" class=\"yoast-schema-graph\">{\"@context\":\"https:\\\/\\\/schema.org\",\"@graph\":[{\"@type\":\"WebPage\",\"@id\":\"https:\\\/\\\/gallinasyfocas.com\\\/ca\\\/distribuidors\\\/\",\"url\":\"https:\\\/\\\/gallinasyfocas.com\\\/ca\\\/distribuidors\\\/\",\"name\":\"Distribu\u00efdors - Gallinas &amp; Focas\",\"isPartOf\":{\"@id\":\"https:\\\/\\\/gallinasyfocas.com\\\/ca\\\/#website\"},\"datePublished\":\"2017-09-19T11:06:51+00:00\",\"dateModified\":\"2019-05-18T18:07:34+00:00\",\"breadcrumb\":{\"@id\":\"https:\\\/\\\/gallinasyfocas.com\\\/ca\\\/distribuidors\\\/#breadcrumb\"},\"inLanguage\":\"ca\",\"potentialAction\":[{\"@type\":\"ReadAction\",\"target\":[\"https:\\\/\\\/gallinasyfocas.com\\\/ca\\\/distribuidors\\\/\"]}]},{\"@type\":\"BreadcrumbList\",\"@id\":\"https:\\\/\\\/gallinasyfocas.com\\\/ca\\\/distribuidors\\\/#breadcrumb\",\"itemListElement\":[{\"@type\":\"ListItem\",\"position\":1,\"name\":\"Portada\",\"item\":\"https:\\\/\\\/gallinasyfocas.com\\\/ca\\\/\"},{\"@type\":\"ListItem\",\"position\":2,\"name\":\"Distribu\u00efdors\"}]},{\"@type\":\"WebSite\",\"@id\":\"https:\\\/\\\/gallinasyfocas.com\\\/ca\\\/#website\",\"url\":\"https:\\\/\\\/gallinasyfocas.com\\\/ca\\\/\",\"name\":\"Gallinas &amp; Focas\",\"description\":\"Es un vino con un alto contenido humano fruto de la colaboraci\u00f3n de Amadip Esment y 4kilos Vin\u00edcola\",\"potentialAction\":[{\"@type\":\"SearchAction\",\"target\":{\"@type\":\"EntryPoint\",\"urlTemplate\":\"https:\\\/\\\/gallinasyfocas.com\\\/ca\\\/?s={search_term_string}\"},\"query-input\":{\"@type\":\"PropertyValueSpecification\",\"valueRequired\":true,\"valueName\":\"search_term_string\"}}],\"inLanguage\":\"ca\"}]}<\/script>\n<!-- \/ Yoast SEO plugin. -->","yoast_head_json":{"title":"Distribu\u00efdors - Gallinas &amp; Focas","robots":{"index":"index","follow":"follow","max-snippet":"max-snippet:-1","max-image-preview":"max-image-preview:large","max-video-preview":"max-video-preview:-1"},"canonical":"https:\/\/gallinasyfocas.com\/ca\/distribuidors\/","og_locale":"ca_ES","og_type":"article","og_title":"Distribu\u00efdors - Gallinas &amp; Focas","og_url":"https:\/\/gallinasyfocas.com\/ca\/distribuidors\/","og_site_name":"Gallinas &amp; Focas","article_modified_time":"2019-05-18T18:07:34+00:00","twitter_card":"summary_large_image","twitter_misc":{"Temps estimat de lectura":"5 minuts"},"schema":{"@context":"https:\/\/schema.org","@graph":[{"@type":"WebPage","@id":"https:\/\/gallinasyfocas.com\/ca\/distribuidors\/","url":"https:\/\/gallinasyfocas.com\/ca\/distribuidors\/","name":"Distribu\u00efdors - Gallinas &amp; Focas","isPartOf":{"@id":"https:\/\/gallinasyfocas.com\/ca\/#website"},"datePublished":"2017-09-19T11:06:51+00:00","dateModified":"2019-05-18T18:07:34+00:00","breadcrumb":{"@id":"https:\/\/gallinasyfocas.com\/ca\/distribuidors\/#breadcrumb"},"inLanguage":"ca","potentialAction":[{"@type":"ReadAction","target":["https:\/\/gallinasyfocas.com\/ca\/distribuidors\/"]}]},{"@type":"BreadcrumbList","@id":"https:\/\/gallinasyfocas.com\/ca\/distribuidors\/#breadcrumb","itemListElement":[{"@type":"ListItem","position":1,"name":"Portada","item":"https:\/\/gallinasyfocas.com\/ca\/"},{"@type":"ListItem","position":2,"name":"Distribu\u00efdors"}]},{"@type":"WebSite","@id":"https:\/\/gallinasyfocas.com\/ca\/#website","url":"https:\/\/gallinasyfocas.com\/ca\/","name":"Gallinas &amp; Focas","description":"Es un vino con un alto contenido humano fruto de la colaboraci\u00f3n de Amadip Esment y 4kilos Vin\u00edcola","potentialAction":[{"@type":"SearchAction","target":{"@type":"EntryPoint","urlTemplate":"https:\/\/gallinasyfocas.com\/ca\/?s={search_term_string}"},"query-input":{"@type":"PropertyValueSpecification","valueRequired":true,"valueName":"search_term_string"}}],"inLanguage":"ca"}]}},"_links":{"self":[{"href":"https:\/\/gallinasyfocas.com\/ca\/wp-json\/wp\/v2\/pages\/11062","targetHints":{"allow":["GET"]}}],"collection":[{"href":"https:\/\/gallinasyfocas.com\/ca\/wp-json\/wp\/v2\/pages"}],"about":[{"href":"https:\/\/gallinasyfocas.com\/ca\/wp-json\/wp\/v2\/types\/page"}],"author":[{"embeddable":true,"href":"https:\/\/gallinasyfocas.com\/ca\/wp-json\/wp\/v2\/users\/2"}],"replies":[{"embeddable":true,"href":"https:\/\/gallinasyfocas.com\/ca\/wp-json\/wp\/v2\/comments?post=11062"}],"version-history":[{"count":9,"href":"https:\/\/gallinasyfocas.com\/ca\/wp-json\/wp\/v2\/pages\/11062\/revisions"}],"predecessor-version":[{"id":11497,"href":"https:\/\/gallinasyfocas.com\/ca\/wp-json\/wp\/v2\/pages\/11062\/revisions\/11497"}],"wp:attachment":[{"href":"https:\/\/gallinasyfocas.com\/ca\/wp-json\/wp\/v2\/media?parent=11062"}],"curies":[{"name":"wp","href":"https:\/\/api.w.org\/{rel}","templated":true}]}}